{"id":462,"date":"2023-05-02T17:54:05","date_gmt":"2023-05-02T17:54:05","guid":{"rendered":"https:\/\/maps-tell.ch\/?page_id=462"},"modified":"2024-12-01T17:03:19","modified_gmt":"2024-12-01T17:03:19","slug":"uber-mich","status":"publish","type":"page","link":"https:\/\/peterescher.ch\/index.php\/uber-mich\/","title":{"rendered":"\u00dcBER MICH"},"content":{"rendered":"\t\t<div data-elementor-type=\"wp-page\" data-elementor-id=\"462\" class=\"elementor elementor-462\" data-elementor-post-type=\"page\">\n\t\t\t\t<div class=\"elementor-element elementor-element-ab4aec2 e-con-full e-flex e-con e-parent\" data-id=\"ab4aec2\" data-element_type=\"container\" data-e-type=\"container\">\n\t\t\t\t<div class=\"elementor-element elementor-element-73fa2af elementor-widget elementor-widget-image\" data-id=\"73fa2af\" data-element_type=\"widget\" data-e-type=\"widget\" data-widget_type=\"image.default\">\n\t\t\t\t<div class=\"elementor-widget-container\">\n\t\t\t\t\t\t\t\t\t\t\t\t\t\t\t<img fetchpriority=\"high\" decoding=\"async\" width=\"1920\" height=\"588\" src=\"https:\/\/peterescher.ch\/wp-content\/uploads\/2024\/12\/BANNER_UeBERMICH.webp\" class=\"attachment-full size-full wp-image-6601\" alt=\"\" srcset=\"https:\/\/peterescher.ch\/wp-content\/uploads\/2024\/12\/BANNER_UeBERMICH.webp 1920w, https:\/\/peterescher.ch\/wp-content\/uploads\/2024\/12\/BANNER_UeBERMICH-300x92.webp 300w, https:\/\/peterescher.ch\/wp-content\/uploads\/2024\/12\/BANNER_UeBERMICH-1024x313.webp 1024w, https:\/\/peterescher.ch\/wp-content\/uploads\/2024\/12\/BANNER_UeBERMICH-768x235.webp 768w, https:\/\/peterescher.ch\/wp-content\/uploads\/2024\/12\/BANNER_UeBERMICH-1536x470.webp 1536w\" sizes=\"(max-width: 1920px) 100vw, 1920px\" \/>\t\t\t\t\t\t\t\t\t\t\t\t\t\t\t<\/div>\n\t\t\t\t<\/div>\n\t\t\t\t<\/div>\n\t\t<div class=\"elementor-element elementor-element-130a5cb e-flex e-con-boxed e-con e-parent\" data-id=\"130a5cb\" data-element_type=\"container\" data-e-type=\"container\">\n\t\t\t\t\t<div class=\"e-con-inner\">\n\t\t\t\t<div class=\"elementor-element elementor-element-64857b3 elementor-widget elementor-widget-spacer\" data-id=\"64857b3\" data-element_type=\"widget\" data-e-type=\"widget\" data-widget_type=\"spacer.default\">\n\t\t\t\t<div class=\"elementor-widget-container\">\n\t\t\t\t\t\t\t<div class=\"elementor-spacer\">\n\t\t\t<div class=\"elementor-spacer-inner\"><\/div>\n\t\t<\/div>\n\t\t\t\t\t\t<\/div>\n\t\t\t\t<\/div>\n\t\t\t\t\t<\/div>\n\t\t\t\t<\/div>\n\t\t<div class=\"elementor-element elementor-element-2af5d20 e-flex e-con-boxed e-con e-parent\" data-id=\"2af5d20\" data-element_type=\"container\" data-e-type=\"container\">\n\t\t\t\t\t<div class=\"e-con-inner\">\n\t\t\t\t<div class=\"elementor-element elementor-element-2044900 elementor-widget elementor-widget-heading\" data-id=\"2044900\" data-element_type=\"widget\" data-e-type=\"widget\" data-widget_type=\"heading.default\">\n\t\t\t\t<div class=\"elementor-widget-container\">\n\t\t\t\t\t<h2 class=\"elementor-heading-title elementor-size-default\">\u00dcBER MICH<\/h2>\t\t\t\t<\/div>\n\t\t\t\t<\/div>\n\t\t\t\t\t<\/div>\n\t\t\t\t<\/div>\n\t\t<div class=\"elementor-element elementor-element-d285c06 e-flex e-con-boxed e-con e-parent\" data-id=\"d285c06\" data-element_type=\"container\" data-e-type=\"container\">\n\t\t\t\t\t<div class=\"e-con-inner\">\n\t\t\t\t<div class=\"elementor-element elementor-element-cf9a31f elementor-widget elementor-widget-text-editor\" data-id=\"cf9a31f\" data-element_type=\"widget\" data-e-type=\"widget\" data-widget_type=\"text-editor.default\">\n\t\t\t\t<div class=\"elementor-widget-container\">\n\t\t\t\t\t\t\t\t\t<p>Ich bin Peter Escher, 1973 in Bern geboren, und bringe mehr als 25 Jahre Erfahrung in leitenden Positionen in der Schweiz und im Ausland mit. Meine berufliche Reise f\u00fchrte mich unter anderem f\u00fcr ein Jahrzehnt als selbst\u00e4ndigen Gastronomen nach Spanien, wo ich nicht nur die mediterrane Kultur und Lebensart tief sch\u00e4tzen lernte, sondern auch einen breiten internationalen Erfahrungsschatz aufbaute. Diese Zeit pr\u00e4gte meinen Blick auf die Bed\u00fcrfnisse von Einzelunternehmern, KMU-Gesch\u00e4ftsf\u00fchrern und Verwaltungsr\u00e4ten und erweiterte meinen Horizont nachhaltig.<\/p><p>\u00a0<\/p><p>Nach meinem Studium, das ich mit einem Bachelor in Hospitality Management an der Hotelfachschule Lausanne abschloss, und meiner T\u00e4tigkeit in der Hotellerie, entschied ich mich f\u00fcr eine weitere berufliche Ausrichtung. Ich bin diplomierter Institutionsleiter im sozialen und sozialmedizinischen Bereich und habe mich in den letzten Jahren intensiv in den Bereichen Integral Coaching, Business Coaching sowie Karriere- und Laufbahnberatung weitergebildet. Dar\u00fcber hinaus verf\u00fcge ich \u00fcber umfangreiche Erfahrungen in der Team- und Organisationsentwicklung.<\/p><p>\u00a0<\/p><p>Zuletzt leitete ich ein Unternehmen mit \u00fcber 100 Mitarbeitenden, das sich in einem intensiven Ver\u00e4nderungsprozess befand. Diese Aufgabe zeigte mir einmal mehr, wie essenziell es ist, effektives Teammanagement zu f\u00f6rdern und Menschen dabei zu motivieren, ihr volles Potenzial auszusch\u00f6pfen.<\/p>\t\t\t\t\t\t\t\t<\/div>\n\t\t\t\t<\/div>\n\t\t\t\t\t<\/div>\n\t\t\t\t<\/div>\n\t\t<div class=\"elementor-element elementor-element-1fc55bf e-flex e-con-boxed e-con e-parent\" data-id=\"1fc55bf\" data-element_type=\"container\" data-e-type=\"container\">\n\t\t\t\t\t<div class=\"e-con-inner\">\n\t\t\t\t<div class=\"elementor-element elementor-element-e5bd48e elementor-widget elementor-widget-spacer\" data-id=\"e5bd48e\" data-element_type=\"widget\" data-e-type=\"widget\" data-widget_type=\"spacer.default\">\n\t\t\t\t<div class=\"elementor-widget-container\">\n\t\t\t\t\t\t\t<div class=\"elementor-spacer\">\n\t\t\t<div class=\"elementor-spacer-inner\"><\/div>\n\t\t<\/div>\n\t\t\t\t\t\t<\/div>\n\t\t\t\t<\/div>\n\t\t\t\t\t<\/div>\n\t\t\t\t<\/div>\n\t\t<div class=\"elementor-element elementor-element-c028205 e-grid e-con-boxed e-con e-parent\" data-id=\"c028205\" data-element_type=\"container\" data-e-type=\"container\">\n\t\t\t\t\t<div class=\"e-con-inner\">\n\t\t\t\t<div class=\"elementor-element elementor-element-e0ca899 elementor-widget elementor-widget-image\" data-id=\"e0ca899\" data-element_type=\"widget\" data-e-type=\"widget\" data-widget_type=\"image.default\">\n\t\t\t\t<div class=\"elementor-widget-container\">\n\t\t\t\t\t\t\t\t\t\t\t\t\t\t\t<img decoding=\"async\" width=\"681\" height=\"1024\" src=\"https:\/\/peterescher.ch\/wp-content\/uploads\/2024\/12\/A-la-Bastide-de-Puycalvel_MichaelaPeter_47-681x1024.webp\" class=\"attachment-large size-large wp-image-6610\" alt=\"\" srcset=\"https:\/\/peterescher.ch\/wp-content\/uploads\/2024\/12\/A-la-Bastide-de-Puycalvel_MichaelaPeter_47-681x1024.webp 681w, https:\/\/peterescher.ch\/wp-content\/uploads\/2024\/12\/A-la-Bastide-de-Puycalvel_MichaelaPeter_47-200x300.webp 200w, https:\/\/peterescher.ch\/wp-content\/uploads\/2024\/12\/A-la-Bastide-de-Puycalvel_MichaelaPeter_47-768x1154.webp 768w, https:\/\/peterescher.ch\/wp-content\/uploads\/2024\/12\/A-la-Bastide-de-Puycalvel_MichaelaPeter_47-1022x1536.webp 1022w, https:\/\/peterescher.ch\/wp-content\/uploads\/2024\/12\/A-la-Bastide-de-Puycalvel_MichaelaPeter_47-scaled.webp 1277w\" sizes=\"(max-width: 681px) 100vw, 681px\" \/>\t\t\t\t\t\t\t\t\t\t\t\t\t\t\t<\/div>\n\t\t\t\t<\/div>\n\t\t\t\t<div class=\"elementor-element elementor-element-1f6ebdd elementor-widget elementor-widget-text-editor\" data-id=\"1f6ebdd\" data-element_type=\"widget\" data-e-type=\"widget\" data-widget_type=\"text-editor.default\">\n\t\t\t\t<div class=\"elementor-widget-container\">\n\t\t\t\t\t\t\t\t\t<p>Mit der Er\u00f6ffnung von <strong>La Bastide<\/strong>, meinem pers\u00f6nlichen Lebenstraum, verbinde ich nun meine Leidenschaft als Gastgeber mit meiner tiefen Verbundenheit zur Natur und einem ganzheitlichen Lebensansatz. <strong>La Bastide<\/strong> ist mehr als ein Ort \u2013 es ist ein R\u00fcckzugsort f\u00fcr Menschen, die in einer einzigartigen Atmosph\u00e4re Kraft tanken, Inspiration finden und sich weiterentwickeln m\u00f6chten. Hier verschmelzen Natur, Komfort und Achtsamkeit zu einer Kulisse, die uns alle einl\u00e4dt, innezuhalten und uns auf das Wesentliche zu besinnen.<\/p><p>\u00a0<\/p><p>Meine Arbeit als Gastgeber wird durch meine T\u00e4tigkeit als Coach erg\u00e4nzt. Es erf\u00fcllt mich, Menschen in privaten oder beruflichen Ver\u00e4nderungsprozessen zu begleiten. Mit einer Mischung aus Empathie, Fachwissen und einer individuellen Herangehensweise unterst\u00fctze ich dich \u2013 sei es bei Fragen der Neuorientierung, der Werteentwicklung oder der St\u00e4rkung von F\u00fchrungskompetenzen. Mein Ziel ist es, gemeinsam mit dir oder deinem Team neue Perspektiven zu entwickeln und Ver\u00e4nderung greifbar zu machen.<\/p><p>\u00a0<\/p><p><strong>La Bastide<\/strong> bietet den idealen Rahmen f\u00fcr Seminare, Workshops oder individuelle Coaching-Sessions. Hier kannst du ankommen, eintauchen und dich neu ausrichten \u2013 sei es unter den Sternen bei einem Glas Wein oder inmitten der Natur, die mit ihrem sanften Rhythmus zur Ruhe und Inspiration einl\u00e4dt. Lass uns gemeinsam herausfinden, wie wir deine Ziele und Tr\u00e4ume realisieren k\u00f6nnen. Ich freue mich darauf, dich oder dein Team auf dieser Reise zu begleiten.<\/p>\t\t\t\t\t\t\t\t<\/div>\n\t\t\t\t<\/div>\n\t\t\t\t\t<\/div>\n\t\t\t\t<\/div>\n\t\t<div class=\"elementor-element elementor-element-75f7ce2 e-flex e-con-boxed e-con e-parent\" data-id=\"75f7ce2\" data-element_type=\"container\" data-e-type=\"container\">\n\t\t\t\t\t<div class=\"e-con-inner\">\n\t\t\t\t<div class=\"elementor-element elementor-element-6aebacb elementor-widget elementor-widget-spacer\" data-id=\"6aebacb\" data-element_type=\"widget\" data-e-type=\"widget\" data-widget_type=\"spacer.default\">\n\t\t\t\t<div class=\"elementor-widget-container\">\n\t\t\t\t\t\t\t<div class=\"elementor-spacer\">\n\t\t\t<div class=\"elementor-spacer-inner\"><\/div>\n\t\t<\/div>\n\t\t\t\t\t\t<\/div>\n\t\t\t\t<\/div>\n\t\t\t\t\t<\/div>\n\t\t\t\t<\/div>\n\t\t\t\t<\/div>\n\t\t","protected":false},"excerpt":{"rendered":"<p>\u00dcBER MICH Ich bin Peter Escher, 1973 in Bern geboren, und bringe mehr als 25 Jahre Erfahrung in leitenden Positionen in der Schweiz und im Ausland mit. Meine berufliche Reise f\u00fchrte mich unter anderem f\u00fcr ein Jahrzehnt als selbst\u00e4ndigen Gastronomen nach Spanien, wo ich nicht nur die mediterrane Kultur und Lebensart tief sch\u00e4tzen lernte, sondern [&hellip;]<\/p>\n","protected":false},"author":2,"featured_media":0,"parent":0,"menu_order":0,"comment_status":"closed","ping_status":"closed","template":"elementor_header_footer","meta":{"_mo_disable_npp":"","footnotes":""},"folder":[],"class_list":["post-462","page","type-page","status-publish","hentry"],"yoast_head":"<!-- This site is optimized with the Yoast SEO Premium plugin v22.0 (Yoast SEO v27.5) - https:\/\/yoast.com\/product\/yoast-seo-premium-wordpress\/ -->\n<title>\u00dcBER MICH - Peter Escher<\/title>\n<meta name=\"robots\" content=\"index, follow, max-snippet:-1, max-image-preview:large, max-video-preview:-1\" \/>\n<link rel=\"canonical\" href=\"https:\/\/peterescher.ch\/index.php\/uber-mich\/\" \/>\n<meta property=\"og:locale\" content=\"de_DE\" \/>\n<meta property=\"og:type\" content=\"article\" \/>\n<meta property=\"og:title\" content=\"\u00dcBER MICH\" \/>\n<meta property=\"og:description\" content=\"\u00dcBER MICH Ich bin Peter Escher, 1973 in Bern geboren, und bringe mehr als 25 Jahre Erfahrung in leitenden Positionen in der Schweiz und im Ausland mit. Meine berufliche Reise f\u00fchrte mich unter anderem f\u00fcr ein Jahrzehnt als selbst\u00e4ndigen Gastronomen nach Spanien, wo ich nicht nur die mediterrane Kultur und Lebensart tief sch\u00e4tzen lernte, sondern [&hellip;]\" \/>\n<meta property=\"og:url\" content=\"https:\/\/peterescher.ch\/index.php\/uber-mich\/\" \/>\n<meta property=\"og:site_name\" content=\"Peter Escher\" \/>\n<meta property=\"article:modified_time\" content=\"2024-12-01T17:03:19+00:00\" \/>\n<meta property=\"og:image\" content=\"https:\/\/peterescher.ch\/wp-content\/uploads\/2024\/12\/BANNER_UeBERMICH.webp\" \/>\n\t<meta property=\"og:image:width\" content=\"1920\" \/>\n\t<meta property=\"og:image:height\" content=\"588\" \/>\n\t<meta property=\"og:image:type\" content=\"image\/webp\" \/>\n<meta name=\"twitter:card\" content=\"summary_large_image\" \/>\n<meta name=\"twitter:label1\" content=\"Gesch\u00e4tzte Lesezeit\" \/>\n\t<meta name=\"twitter:data1\" content=\"3\u00a0Minuten\" \/>\n<script type=\"application\/ld+json\" class=\"yoast-schema-graph\">{\"@context\":\"https:\\\/\\\/schema.org\",\"@graph\":[{\"@type\":\"WebPage\",\"@id\":\"https:\\\/\\\/peterescher.ch\\\/index.php\\\/uber-mich\\\/\",\"url\":\"https:\\\/\\\/peterescher.ch\\\/index.php\\\/uber-mich\\\/\",\"name\":\"\u00dcBER MICH - Peter Escher\",\"isPartOf\":{\"@id\":\"https:\\\/\\\/peterescher.ch\\\/#website\"},\"primaryImageOfPage\":{\"@id\":\"https:\\\/\\\/peterescher.ch\\\/index.php\\\/uber-mich\\\/#primaryimage\"},\"image\":{\"@id\":\"https:\\\/\\\/peterescher.ch\\\/index.php\\\/uber-mich\\\/#primaryimage\"},\"thumbnailUrl\":\"https:\\\/\\\/peterescher.ch\\\/wp-content\\\/uploads\\\/2024\\\/12\\\/BANNER_UeBERMICH.webp\",\"datePublished\":\"2023-05-02T17:54:05+00:00\",\"dateModified\":\"2024-12-01T17:03:19+00:00\",\"breadcrumb\":{\"@id\":\"https:\\\/\\\/peterescher.ch\\\/index.php\\\/uber-mich\\\/#breadcrumb\"},\"inLanguage\":\"de\",\"potentialAction\":[{\"@type\":\"ReadAction\",\"target\":[\"https:\\\/\\\/peterescher.ch\\\/index.php\\\/uber-mich\\\/\"]}]},{\"@type\":\"ImageObject\",\"inLanguage\":\"de\",\"@id\":\"https:\\\/\\\/peterescher.ch\\\/index.php\\\/uber-mich\\\/#primaryimage\",\"url\":\"https:\\\/\\\/peterescher.ch\\\/wp-content\\\/uploads\\\/2024\\\/12\\\/BANNER_UeBERMICH.webp\",\"contentUrl\":\"https:\\\/\\\/peterescher.ch\\\/wp-content\\\/uploads\\\/2024\\\/12\\\/BANNER_UeBERMICH.webp\",\"width\":1920,\"height\":588},{\"@type\":\"BreadcrumbList\",\"@id\":\"https:\\\/\\\/peterescher.ch\\\/index.php\\\/uber-mich\\\/#breadcrumb\",\"itemListElement\":[{\"@type\":\"ListItem\",\"position\":1,\"name\":\"Startseite\",\"item\":\"https:\\\/\\\/peterescher.ch\\\/\"},{\"@type\":\"ListItem\",\"position\":2,\"name\":\"\u00dcBER MICH\"}]},{\"@type\":\"WebSite\",\"@id\":\"https:\\\/\\\/peterescher.ch\\\/#website\",\"url\":\"https:\\\/\\\/peterescher.ch\\\/\",\"name\":\"Peter Escher\",\"description\":\"\",\"publisher\":{\"@id\":\"https:\\\/\\\/peterescher.ch\\\/#\\\/schema\\\/person\\\/6de7eadc1b16ad85a1dd544763a47eda\"},\"potentialAction\":[{\"@type\":\"SearchAction\",\"target\":{\"@type\":\"EntryPoint\",\"urlTemplate\":\"https:\\\/\\\/peterescher.ch\\\/?s={search_term_string}\"},\"query-input\":{\"@type\":\"PropertyValueSpecification\",\"valueRequired\":true,\"valueName\":\"search_term_string\"}}],\"inLanguage\":\"de\"},{\"@type\":[\"Person\",\"Organization\"],\"@id\":\"https:\\\/\\\/peterescher.ch\\\/#\\\/schema\\\/person\\\/6de7eadc1b16ad85a1dd544763a47eda\",\"name\":\"Peter Escher\",\"image\":{\"@type\":\"ImageObject\",\"inLanguage\":\"de\",\"@id\":\"https:\\\/\\\/peterescher.ch\\\/wp-content\\\/uploads\\\/2022\\\/08\\\/olive_hr_Peter_Escher.webp\",\"url\":\"https:\\\/\\\/peterescher.ch\\\/wp-content\\\/uploads\\\/2022\\\/08\\\/olive_hr_Peter_Escher.webp\",\"contentUrl\":\"https:\\\/\\\/peterescher.ch\\\/wp-content\\\/uploads\\\/2022\\\/08\\\/olive_hr_Peter_Escher.webp\",\"width\":1920,\"height\":511,\"caption\":\"Peter Escher\"},\"logo\":{\"@id\":\"https:\\\/\\\/peterescher.ch\\\/wp-content\\\/uploads\\\/2022\\\/08\\\/olive_hr_Peter_Escher.webp\"},\"sameAs\":[\"https:\\\/\\\/peterescher.ch\"]}]}<\/script>\n<!-- \/ Yoast SEO Premium plugin. -->","yoast_head_json":{"title":"\u00dcBER MICH - Peter Escher","robots":{"index":"index","follow":"follow","max-snippet":"max-snippet:-1","max-image-preview":"max-image-preview:large","max-video-preview":"max-video-preview:-1"},"canonical":"https:\/\/peterescher.ch\/index.php\/uber-mich\/","og_locale":"de_DE","og_type":"article","og_title":"\u00dcBER MICH","og_description":"\u00dcBER MICH Ich bin Peter Escher, 1973 in Bern geboren, und bringe mehr als 25 Jahre Erfahrung in leitenden Positionen in der Schweiz und im Ausland mit. Meine berufliche Reise f\u00fchrte mich unter anderem f\u00fcr ein Jahrzehnt als selbst\u00e4ndigen Gastronomen nach Spanien, wo ich nicht nur die mediterrane Kultur und Lebensart tief sch\u00e4tzen lernte, sondern [&hellip;]","og_url":"https:\/\/peterescher.ch\/index.php\/uber-mich\/","og_site_name":"Peter Escher","article_modified_time":"2024-12-01T17:03:19+00:00","og_image":[{"width":1920,"height":588,"url":"https:\/\/peterescher.ch\/wp-content\/uploads\/2024\/12\/BANNER_UeBERMICH.webp","type":"image\/webp"}],"twitter_card":"summary_large_image","twitter_misc":{"Gesch\u00e4tzte Lesezeit":"3\u00a0Minuten"},"schema":{"@context":"https:\/\/schema.org","@graph":[{"@type":"WebPage","@id":"https:\/\/peterescher.ch\/index.php\/uber-mich\/","url":"https:\/\/peterescher.ch\/index.php\/uber-mich\/","name":"\u00dcBER MICH - Peter Escher","isPartOf":{"@id":"https:\/\/peterescher.ch\/#website"},"primaryImageOfPage":{"@id":"https:\/\/peterescher.ch\/index.php\/uber-mich\/#primaryimage"},"image":{"@id":"https:\/\/peterescher.ch\/index.php\/uber-mich\/#primaryimage"},"thumbnailUrl":"https:\/\/peterescher.ch\/wp-content\/uploads\/2024\/12\/BANNER_UeBERMICH.webp","datePublished":"2023-05-02T17:54:05+00:00","dateModified":"2024-12-01T17:03:19+00:00","breadcrumb":{"@id":"https:\/\/peterescher.ch\/index.php\/uber-mich\/#breadcrumb"},"inLanguage":"de","potentialAction":[{"@type":"ReadAction","target":["https:\/\/peterescher.ch\/index.php\/uber-mich\/"]}]},{"@type":"ImageObject","inLanguage":"de","@id":"https:\/\/peterescher.ch\/index.php\/uber-mich\/#primaryimage","url":"https:\/\/peterescher.ch\/wp-content\/uploads\/2024\/12\/BANNER_UeBERMICH.webp","contentUrl":"https:\/\/peterescher.ch\/wp-content\/uploads\/2024\/12\/BANNER_UeBERMICH.webp","width":1920,"height":588},{"@type":"BreadcrumbList","@id":"https:\/\/peterescher.ch\/index.php\/uber-mich\/#breadcrumb","itemListElement":[{"@type":"ListItem","position":1,"name":"Startseite","item":"https:\/\/peterescher.ch\/"},{"@type":"ListItem","position":2,"name":"\u00dcBER MICH"}]},{"@type":"WebSite","@id":"https:\/\/peterescher.ch\/#website","url":"https:\/\/peterescher.ch\/","name":"Peter Escher","description":"","publisher":{"@id":"https:\/\/peterescher.ch\/#\/schema\/person\/6de7eadc1b16ad85a1dd544763a47eda"},"potentialAction":[{"@type":"SearchAction","target":{"@type":"EntryPoint","urlTemplate":"https:\/\/peterescher.ch\/?s={search_term_string}"},"query-input":{"@type":"PropertyValueSpecification","valueRequired":true,"valueName":"search_term_string"}}],"inLanguage":"de"},{"@type":["Person","Organization"],"@id":"https:\/\/peterescher.ch\/#\/schema\/person\/6de7eadc1b16ad85a1dd544763a47eda","name":"Peter Escher","image":{"@type":"ImageObject","inLanguage":"de","@id":"https:\/\/peterescher.ch\/wp-content\/uploads\/2022\/08\/olive_hr_Peter_Escher.webp","url":"https:\/\/peterescher.ch\/wp-content\/uploads\/2022\/08\/olive_hr_Peter_Escher.webp","contentUrl":"https:\/\/peterescher.ch\/wp-content\/uploads\/2022\/08\/olive_hr_Peter_Escher.webp","width":1920,"height":511,"caption":"Peter Escher"},"logo":{"@id":"https:\/\/peterescher.ch\/wp-content\/uploads\/2022\/08\/olive_hr_Peter_Escher.webp"},"sameAs":["https:\/\/peterescher.ch"]}]}},"_links":{"self":[{"href":"https:\/\/peterescher.ch\/index.php\/wp-json\/wp\/v2\/pages\/462","targetHints":{"allow":["GET"]}}],"collection":[{"href":"https:\/\/peterescher.ch\/index.php\/wp-json\/wp\/v2\/pages"}],"about":[{"href":"https:\/\/peterescher.ch\/index.php\/wp-json\/wp\/v2\/types\/page"}],"author":[{"embeddable":true,"href":"https:\/\/peterescher.ch\/index.php\/wp-json\/wp\/v2\/users\/2"}],"replies":[{"embeddable":true,"href":"https:\/\/peterescher.ch\/index.php\/wp-json\/wp\/v2\/comments?post=462"}],"version-history":[{"count":28,"href":"https:\/\/peterescher.ch\/index.php\/wp-json\/wp\/v2\/pages\/462\/revisions"}],"predecessor-version":[{"id":6625,"href":"https:\/\/peterescher.ch\/index.php\/wp-json\/wp\/v2\/pages\/462\/revisions\/6625"}],"wp:attachment":[{"href":"https:\/\/peterescher.ch\/index.php\/wp-json\/wp\/v2\/media?parent=462"}],"wp:term":[{"taxonomy":"folder","embeddable":true,"href":"https:\/\/peterescher.ch\/index.php\/wp-json\/wp\/v2\/folder?post=462"}],"curies":[{"name":"wp","href":"https:\/\/api.w.org\/{rel}","templated":true}]}}